{"id":11959,"date":"2022-05-30T09:32:39","date_gmt":"2022-05-30T13:32:39","guid":{"rendered":"https:\/\/welchllp.com\/?page_id=11959"},"modified":"2024-11-26T10:10:25","modified_gmt":"2024-11-26T15:10:25","slug":"politique-de-confidentialite","status":"publish","type":"page","link":"https:\/\/welchllp.com\/fr\/politique-de-confidentialite\/","title":{"rendered":"Politique de protection des renseignements personnels"},"content":{"rendered":"\n<div class=\"wp-block-cover alignfull is-light hero no-margin\"><span aria-hidden=\"true\" class=\"wp-block-cover__background has-white-background-color has-background-dim-100 has-background-dim\"><\/span><div class=\"wp-block-cover__inner-container is-layout-flow wp-block-cover-is-layout-flow\"><h1 class=\"large wp-block-post-title\">Politique de protection des renseignements personnels<\/h1>\n\n\n<p>Les renseignements qui suivent exposent notre politique de protection des renseignements personnels<\/p>\n<\/div><\/div>\n\n\n\n<div class=\"wp-block-group alignfull has-top-border is-top-padded\"><div class=\"wp-block-group__inner-container is-layout-flow wp-block-group-is-layout-flow\">\n<div class=\"wp-block-group\"><div class=\"wp-block-group__inner-container is-layout-flow wp-block-group-is-layout-flow\">\n<h2 class=\"wp-block-heading\">Engagement \u00e0 l\u2019\u00e9gard de la protection des renseignements personnels<\/h2>\n\n\n\n<p>Welch LLP s\u2019engage \u00e0 prot\u00e9ger les renseignements personnels de sa client\u00e8le. Le cabinet met tout en \u0153uvre pour prot\u00e9ger les renseignements personnels et se conformer aux lois canadiennes et provinciales en la mati\u00e8re. Welch d\u00e9montre son engagement en d\u00e9signant une personne responsable de ses pratiques en mati\u00e8re de traitement des renseignements personnels et des donn\u00e9es; du respect rigoureux de ses politiques et pratiques en la mati\u00e8re; et de la transparence \u00e0 cet \u00e9gard.<\/p>\n\n\n\n<p>La bonne compr\u00e9hension du respect des principes g\u00e9n\u00e9raux de protection des renseignements personnels qui r\u00e9gissent la mani\u00e8re dont sont recueillis, utilis\u00e9s et communiqu\u00e9s ces renseignements est importante pour Welch.<\/p>\n\n\n\n<h2 class=\"wp-block-heading\">Que sont les renseignements personnels?<\/h2>\n\n\n\n<p>Les renseignements personnels d\u00e9signent toute information qui permet d\u2019identifier une personne en particulier; par exemple, son nom, son adresse, son num\u00e9ro de t\u00e9l\u00e9phone, son adresse courriel, son \u00e2ge, son sexe, son \u00e9tat civil, des renseignements sur sa sant\u00e9 ou ses finances, ses opinions ou encore une photo. Le titre ou le r\u00f4le d\u2019une personne au sein d\u2019une organisation, son adresse professionnelle et son num\u00e9ro de t\u00e9l\u00e9phone au travail ne sont pas consid\u00e9r\u00e9s comme \u00e9tant des renseignements personnels.<\/p>\n\n\n\n<h2 class=\"wp-block-heading\">Quels types de renseignements personnels collectons-nous?<\/h2>\n\n\n\n<p>Nous collectons et tenons \u00e0 jour les renseignements personnels concernant notre client\u00e8le, notre personnel et les personnes qui postulent \u00e0 un poste chez nous, par exemple&nbsp;:<\/p>\n\n\n\n<ul class=\"wp-block-list\">\n<li>les informations d\u2019identification telles que la date de naissance, le lieu de naissance ou de r\u00e9sidence, le genre ou le num\u00e9ro d\u2019assurance sociale;<\/li>\n\n\n\n<li>les coordonn\u00e9es telles que le nom, l\u2019adresse, le num\u00e9ro de t\u00e9l\u00e9phone, l\u2019adresse courriel et toute autre coordonn\u00e9e;<\/li>\n\n\n\n<li>les renseignements sur le cr\u00e9dit, les finances et le paiement;<\/li>\n\n\n\n<li>l\u2019information m\u00e9dicale;<\/li>\n\n\n\n<li>les ant\u00e9c\u00e9dents de travail;<\/li>\n\n\n\n<li>les \u00e9tudes, attestations et certificats;<\/li>\n\n\n\n<li>l\u2019information sur la famille;<\/li>\n\n\n\n<li>l\u2019adh\u00e9sion \u00e0 une association professionnelle ou un ordre professionnel.<\/li>\n<\/ul>\n\n\n\n\n\n\n\n<h2 class=\"wp-block-heading\">Pourquoi collectons-nous des renseignements personnels et \u00e0 quoi servent-ils?<\/h2>\n\n\n\n<p>Nous collectons et utilisons certains renseignements personnels, car ils nous sont n\u00e9cessaires pour exercer nos activit\u00e9s, notamment pour&nbsp;:<\/p>\n\n\n\n<ul class=\"wp-block-list\">\n<li>fournir les services demand\u00e9s;<\/li>\n\n\n\n<li>soutenir notre processus de dotation et de s\u00e9lection d\u2019entreprises sous-traitantes;<\/li>\n\n\n\n<li>encaisser les paiements et les traiter;<\/li>\n\n\n\n<li>communiquer de l\u2019information sur nos produits et nos services;<\/li>\n\n\n\n<li>nous conformer aux lois et aux r\u00e8glements, par exemple la <em>Loi de l\u2019imp\u00f4t<\/em>.<\/li>\n<\/ul>\n\n\n\n<h2 class=\"wp-block-heading\">Consentement<\/h2>\n\n\n\n<p>Nous ne collectons aucun renseignement personnel qui vous concerne sans votre consentement. Lorsque nous demandons des renseignements personnels, nous pr\u00e9cisons \u00e0 quelles fins. Ainsi, la personne sait exactement pourquoi nous en avons besoin et comment nous les utilisons. Si nous avons besoin de renseignements \u00e0 d\u2019autres fins, nous ferons une nouvelle demande de consentement.<\/p>\n\n\n\n<p>Nous ne collectons aucun renseignement sur les enfants de moins de 18 ans sans le consentement d\u2019un parent ou d\u2019une personne tutrice.<\/p>\n\n\n\n<p>En accordant votre consentement, vous acceptez que Welch collecte, utilise et communique les renseignements personnels vous concernant de la fa\u00e7on indiqu\u00e9e dans sa politique de protection des renseignements personnels. Il est possible de modifier ou de retirer ce consentement \u00e0 tout moment.<\/p>\n\n\n\n<h2 class=\"wp-block-heading\">Limite \u00e0 la collecte de renseignements personnels<\/h2>\n\n\n\n<p>Nous ne collectons que les renseignements n\u00e9cessaires aux fins indiqu\u00e9es, par des moyens justes et l\u00e9gaux. Nous les collectons directement aupr\u00e8s de la personne concern\u00e9e, \u00e0 moins d\u2019indication contraire de sa part ou de la part d\u2019une personne d\u00e9sign\u00e9e qui agit en son nom. La collecte aupr\u00e8s d\u2019autres sources pourrait avoir lieu si la loi l\u2019autorisait; par exemple, si les renseignements en question \u00e9taient accessibles au public.<\/p>\n\n\n\n<h2 class=\"wp-block-heading\">Avec qui partageons nous nos renseignements?<\/h2>\n\n\n\n<p>Nous ne transmettons aucun renseignement personnel qui vous concerne sans que vous y ayez consenti, sauf si la loi l\u2019exige et seulement en cas de n\u00e9cessit\u00e9. Afin de soutenir la prestation de nos services, nous pourrions engager des tierces parties et leur transmettre certains renseignements. Le cas \u00e9ch\u00e9ant, ces tierces parties seraient tenues de fournir un degr\u00e9 de protection des renseignements personnels comparable \u00e0 celui que nous procurons en vertu de nos politiques et de nos pratiques en la mati\u00e8re.<\/p>\n\n\n\n<p>Nous n\u2019engageons aucun renseignement personnel avec des tierces parties pour leur permettre de commercialiser leurs produits ou leurs services, et nous ne les leur transmettons pas \u2013 y compris ceux qui vous concernent.<\/p>\n\n\n\n<h2 class=\"wp-block-heading\">Comment prot\u00e9geons-nous les renseignements?<\/h2>\n\n\n\n<p>Pour prot\u00e9ger les renseignements personnels qui vous concernent, nous&nbsp;:<\/p>\n\n\n\n<ul class=\"wp-block-list\">\n<li>mettons en \u0153uvre des mesures physiques, administratives et technologiques pour emp\u00eacher leur vol, leur utilisation, leur copie, leur modification ou leur \u00e9limination non autoris\u00e9s, ou pour emp\u00eacher qu\u2019on y acc\u00e8de;<\/li>\n\n\n\n<li>mettons en \u0153uvre, en tout temps, des mesures additionnelles qui compl\u00e9mentent la s\u00e9curit\u00e9 du b\u00e2timent, par exemple en utilisant des cam\u00e9ras de surveillance aux entr\u00e9es et aux sorties de nos bureaux pour emp\u00eacher le vol et l\u2019acc\u00e8s physique non autoris\u00e9;<\/li>\n\n\n\n<li>restreignons l\u2019acc\u00e8s aux fichiers de renseignements personnels;<\/li>\n\n\n\n<li>adoptons des politiques et des pratiques en mati\u00e8re de s\u00e9curit\u00e9 interne;<\/li>\n\n\n\n<li>d\u00e9truisons de mani\u00e8re s\u00fbre les renseignements personnels qui vous concernent lorsqu\u2019ils ne sont plus n\u00e9cessaires ou exig\u00e9s par la loi;<\/li>\n\n\n\n<li>offrons \u00e0 notre personnel une formation approfondie, et formons et sensibilisons nos entreprises sous-traitantes et toute autre tierce partie qui nous procure des services dans le cadre de nos activit\u00e9s.<\/li>\n<\/ul>\n\n\n\n<h2 class=\"wp-block-heading\">Combien de temps conservons-nous les renseignements?<\/h2>\n\n\n\n<p>Nous conservons les renseignements personnels qui vous concernent aussi longtemps que n\u00e9cessaire pour atteindre l\u2019objectif pour lequel nous les avons collect\u00e9s, et comme l\u2019exige la loi. Les renseignements personnels qui ne sont plus n\u00e9cessaires sont d\u00e9truits par des moyens de destruction s\u00fbrs et appropri\u00e9s, tels que le d\u00e9chiquetage s\u00e9curis\u00e9 du papier ou la suppression permanente des fichiers \u00e9lectroniques.<\/p>\n\n\n\n<h2 class=\"wp-block-heading\">O\u00f9 conservons-nous les renseignements?<\/h2>\n\n\n\n<p>Les renseignements personnels qui vous concernent sont stock\u00e9s sur des serveurs au Canada, par des entreprises fournisseuses de services qui ne sont pas autoris\u00e9es \u00e0 acc\u00e9der aux renseignements personnels qui vous concernent. Elles sont en outre assujetties \u00e0 nos politiques en mati\u00e8re de protection des renseignements personnels.<\/p>\n\n\n\n<h2 class=\"wp-block-heading\">Vos options \/ d\u00e9sabonnement<\/h2>\n\n\n\n<p>Toute personne inscrite sur la liste d\u2019envoi de nos bulletins peut se d\u00e9sabonner en tout temps pour ne plus recevoir de courriels. Il lui suffit de cliquer sur le bouton servant \u00e0 annuler son inscription, dans la communication re\u00e7ue pour que cesse l\u2019envoi des communications de Welch.<\/p>\n\n\n\n<p>Il est possible de retirer son consentement \u00e0 l\u2019utilisation des renseignements personnels que Welch a collect\u00e9s. Il est \u00e9galement possible de demander acc\u00e8s \u00e0 ses renseignements personnels dans le but d\u2019en v\u00e9rifier l\u2019exactitude.<\/p>\n\n\n\n<h2 class=\"wp-block-heading\">Mise \u00e0 jour de vos renseignements personnels<\/h2>\n\n\n\n<p>Nous mettons tout en \u0153uvre pour assurer l\u2019exactitude et l\u2019exhaustivit\u00e9 des renseignements personnels qui nous sont confi\u00e9s, ainsi que leur mise \u00e0 jour. Cela dit, nous nous attendons \u00e0 ce que les personnes qui nous fournissent des renseignements personnels s\u2019assurent \u00e9galement de fournir l\u2019information n\u00e9cessaire pour les mettre \u00e0 jour.<\/p>\n\n\n\n<h2 class=\"wp-block-heading\">Acc\u00e8s aux renseignements personnels vous concernant<\/h2>\n\n\n\n<p>Dans les limites du raisonnable, vous avez le droit d\u2019acc\u00e9der aux renseignements personnels que nous poss\u00e9dons \u00e0 votre sujet, ainsi que la possibilit\u00e9 de les corriger ou de les mettre \u00e0 jour en en faisant la demande \u00e9crite \u00e0 la personne responsable de la protection des renseignements personnels (voir plus loin). Nous r\u00e9pondons aux demandes \u00e0 cet \u00e9gard dans les 30 jours.<\/p>\n\n\n\n<p>Nous pourrions ne pas pouvoir r\u00e9pondre \u00e0 certaines demandes si la transmission des renseignements demand\u00e9s \u00e9tait interdite par la loi ou si elle entrainait la divulgation de renseignements personnels qui concernent d\u2019autres personnes.<\/p>\n\n\n\n<h2 class=\"wp-block-heading\">Questions<\/h2>\n\n\n\n<p>Pour toute question \u00e0 propos des pratiques de Welch en mati\u00e8re de protection des renseignements personnels ou sur sa politique de protection des renseignements personnels, veuillez communiquer avec la personne responsable de la conformit\u00e9 aux lois sur la protection des renseignements personnels en \u00e9crivant \u00e0 <a href=\"mailto:PRIVACYOFFICER@welchllp.com\">PRIVACYOFFICER@welchllp.com<\/a>, en composant le 613-236-9191 ou en \u00e9crivant \u00e0&nbsp;:<\/p>\n\n\n\n<p><strong>Responsable de la protection des renseignements personnels<\/strong><\/p>\n\n\n\n<p>Welch LLP<br \/>350, rue Albert, bureau 700<br \/>Ottawa (Ontario) K1R 1A4<\/p>\n<\/div><\/div>\n<\/div><\/div>\n\n\n\n<div class=\"wp-block-cover alignfull final-cover no-margin\"><span aria-hidden=\"true\" class=\"wp-block-cover__background has-welch-green-background-color has-background-dim-100 has-background-dim\"><\/span><div class=\"wp-block-cover__inner-container is-layout-flow wp-block-cover-is-layout-flow\">\n<div class=\"wp-block-group narrower-container no-margin\"><div class=\"wp-block-group__inner-container is-layout-flow wp-block-group-is-layout-flow\">\n<h2 class=\"has-text-align-center wp-block-heading\">Nos sp\u00e9cialistes n\u2019attendent que vous<\/h2>\n\n\n\n<p class=\"has-text-align-center\">Communiquez avec nous. Faites-nous part de vos besoins et nous assignerons \u00e0 votre organisation une personne sp\u00e9cialis\u00e9e dans votre secteur d\u2019activit\u00e9.<\/p>\n\n\n\n<div class=\"wp-block-buttons is-layout-flex wp-block-buttons-is-layout-flex\">\n<div class=\"wp-block-button aligncenter is-style-outline is-style-outline--1\"><a class=\"wp-block-button__link has-white-color has-text-color\" href=\"https:\/\/welchllp.com\/fr\/adresses\/#GeneralEnquiries\">Faites-le aujourd\u2019hui<\/a><\/div>\n<\/div>\n<\/div><\/div>\n<\/div><\/div>\n","protected":false},"excerpt":{"rendered":"<p>Engagement \u00e0 l\u2019\u00e9gard de la protection des renseignements personnels Welch LLP s\u2019engage \u00e0 prot\u00e9ger les renseignements personnels de sa client\u00e8le. [&hellip;]<\/p>\n","protected":false},"author":5,"featured_media":0,"parent":0,"menu_order":0,"comment_status":"closed","ping_status":"closed","template":"","meta":{"_relevanssi_hide_post":"","_relevanssi_hide_content":"","_relevanssi_pin_for_all":"","_relevanssi_pin_keywords":"","_relevanssi_unpin_keywords":"","_relevanssi_related_keywords":"","_relevanssi_related_include_ids":"","_relevanssi_related_exclude_ids":"","_relevanssi_related_no_append":"","_relevanssi_related_not_related":"","_relevanssi_related_posts":"10591,10582,10576,10584,10569,10597","_relevanssi_noindex_reason":"","footnotes":""},"class_list":["post-11959","page","type-page","status-publish","hentry"],"yoast_head":"<!-- This site is optimized with the Yoast SEO Premium plugin v24.3 (Yoast SEO v25.8) - https:\/\/yoast.com\/wordpress\/plugins\/seo\/ -->\n<title>Politique de protection des renseignements personnels - Welch LLP<\/title>\n<meta name=\"robots\" content=\"index, follow, max-snippet:-1, max-image-preview:large, max-video-preview:-1\" \/>\n<link rel=\"canonical\" href=\"https:\/\/levesquemarchand.com\/politique-de-confidentialite\/\" \/>\n<meta property=\"og:locale\" content=\"fr_FR\" \/>\n<meta property=\"og:type\" content=\"article\" \/>\n<meta property=\"og:title\" content=\"Politique de protection des renseignements personnels\" \/>\n<meta property=\"og:description\" content=\"Engagement \u00e0 l\u2019\u00e9gard de la protection des renseignements personnels Welch LLP s\u2019engage \u00e0 prot\u00e9ger les renseignements personnels de sa client\u00e8le. [&hellip;]\" \/>\n<meta property=\"og:url\" content=\"https:\/\/levesquemarchand.com\/politique-de-confidentialite\/\" \/>\n<meta property=\"og:site_name\" content=\"Welch LLP\" \/>\n<meta property=\"article:publisher\" content=\"https:\/\/www.facebook.com\/WelchLLP\/\" \/>\n<meta property=\"article:modified_time\" content=\"2024-11-26T15:10:25+00:00\" \/>\n<meta name=\"twitter:card\" content=\"summary_large_image\" \/>\n<meta name=\"twitter:site\" content=\"@welchllp\" \/>\n<meta name=\"twitter:label1\" content=\"Dur\u00e9e de lecture estim\u00e9e\" \/>\n\t<meta name=\"twitter:data1\" content=\"6 minutes\" \/>\n<script type=\"application\/ld+json\" class=\"yoast-schema-graph\">{\"@context\":\"https:\/\/schema.org\",\"@graph\":[{\"@type\":\"WebPage\",\"@id\":\"https:\/\/welchllp.com\/fr\/politique-de-confidentialite\/\",\"url\":\"https:\/\/levesquemarchand.com\/politique-de-confidentialite\/\",\"name\":\"Politique de protection des renseignements personnels - Welch LLP\",\"isPartOf\":{\"@id\":\"https:\/\/welchllp.com\/fr\/#website\"},\"datePublished\":\"2022-05-30T13:32:39+00:00\",\"dateModified\":\"2024-11-26T15:10:25+00:00\",\"breadcrumb\":{\"@id\":\"https:\/\/levesquemarchand.com\/politique-de-confidentialite\/#breadcrumb\"},\"inLanguage\":\"fr-FR\",\"potentialAction\":[{\"@type\":\"ReadAction\",\"target\":[\"https:\/\/levesquemarchand.com\/politique-de-confidentialite\/\"]}]},{\"@type\":\"BreadcrumbList\",\"@id\":\"https:\/\/levesquemarchand.com\/politique-de-confidentialite\/#breadcrumb\",\"itemListElement\":[{\"@type\":\"ListItem\",\"position\":1,\"name\":\"Home\",\"item\":\"https:\/\/welchllp.com\/fr\/\"},{\"@type\":\"ListItem\",\"position\":2,\"name\":\"Politique de protection des renseignements personnels\"}]},{\"@type\":\"WebSite\",\"@id\":\"https:\/\/welchllp.com\/fr\/#website\",\"url\":\"https:\/\/welchllp.com\/fr\/\",\"name\":\"Welch LLP\",\"description\":\"Chartered Professional Accountants\",\"publisher\":{\"@id\":\"https:\/\/welchllp.com\/fr\/#organization\"},\"potentialAction\":[{\"@type\":\"SearchAction\",\"target\":{\"@type\":\"EntryPoint\",\"urlTemplate\":\"https:\/\/welchllp.com\/fr\/?s={search_term_string}\"},\"query-input\":{\"@type\":\"PropertyValueSpecification\",\"valueRequired\":true,\"valueName\":\"search_term_string\"}}],\"inLanguage\":\"fr-FR\"},{\"@type\":\"Organization\",\"@id\":\"https:\/\/welchllp.com\/fr\/#organization\",\"name\":\"Welch LLP\",\"url\":\"https:\/\/welchllp.com\/fr\/\",\"logo\":{\"@type\":\"ImageObject\",\"inLanguage\":\"fr-FR\",\"@id\":\"https:\/\/welchllp.com\/fr\/#\/schema\/logo\/image\/\",\"url\":\"https:\/\/welchllp.com\/wp-content\/uploads\/2016\/02\/WelchLLP_logo.png\",\"contentUrl\":\"https:\/\/welchllp.com\/wp-content\/uploads\/2016\/02\/WelchLLP_logo.png\",\"width\":707,\"height\":187,\"caption\":\"Welch LLP\"},\"image\":{\"@id\":\"https:\/\/welchllp.com\/fr\/#\/schema\/logo\/image\/\"},\"sameAs\":[\"https:\/\/www.facebook.com\/WelchLLP\/\",\"https:\/\/x.com\/welchllp\",\"https:\/\/www.linkedin.com\/company\/welchllp\",\"https:\/\/www.instagram.com\/welch_llp\/\"]}]}<\/script>\n<!-- \/ Yoast SEO Premium plugin. -->","yoast_head_json":{"title":"Politique de protection des renseignements personnels - Welch LLP","robots":{"index":"index","follow":"follow","max-snippet":"max-snippet:-1","max-image-preview":"max-image-preview:large","max-video-preview":"max-video-preview:-1"},"canonical":"https:\/\/levesquemarchand.com\/politique-de-confidentialite\/","og_locale":"fr_FR","og_type":"article","og_title":"Politique de protection des renseignements personnels","og_description":"Engagement \u00e0 l\u2019\u00e9gard de la protection des renseignements personnels Welch LLP s\u2019engage \u00e0 prot\u00e9ger les renseignements personnels de sa client\u00e8le. [&hellip;]","og_url":"https:\/\/levesquemarchand.com\/politique-de-confidentialite\/","og_site_name":"Welch LLP","article_publisher":"https:\/\/www.facebook.com\/WelchLLP\/","article_modified_time":"2024-11-26T15:10:25+00:00","twitter_card":"summary_large_image","twitter_site":"@welchllp","twitter_misc":{"Dur\u00e9e de lecture estim\u00e9e":"6 minutes"},"schema":{"@context":"https:\/\/schema.org","@graph":[{"@type":"WebPage","@id":"https:\/\/welchllp.com\/fr\/politique-de-confidentialite\/","url":"https:\/\/levesquemarchand.com\/politique-de-confidentialite\/","name":"Politique de protection des renseignements personnels - Welch LLP","isPartOf":{"@id":"https:\/\/welchllp.com\/fr\/#website"},"datePublished":"2022-05-30T13:32:39+00:00","dateModified":"2024-11-26T15:10:25+00:00","breadcrumb":{"@id":"https:\/\/levesquemarchand.com\/politique-de-confidentialite\/#breadcrumb"},"inLanguage":"fr-FR","potentialAction":[{"@type":"ReadAction","target":["https:\/\/levesquemarchand.com\/politique-de-confidentialite\/"]}]},{"@type":"BreadcrumbList","@id":"https:\/\/levesquemarchand.com\/politique-de-confidentialite\/#breadcrumb","itemListElement":[{"@type":"ListItem","position":1,"name":"Home","item":"https:\/\/welchllp.com\/fr\/"},{"@type":"ListItem","position":2,"name":"Politique de protection des renseignements personnels"}]},{"@type":"WebSite","@id":"https:\/\/welchllp.com\/fr\/#website","url":"https:\/\/welchllp.com\/fr\/","name":"Welch LLP","description":"Chartered Professional Accountants","publisher":{"@id":"https:\/\/welchllp.com\/fr\/#organization"},"potentialAction":[{"@type":"SearchAction","target":{"@type":"EntryPoint","urlTemplate":"https:\/\/welchllp.com\/fr\/?s={search_term_string}"},"query-input":{"@type":"PropertyValueSpecification","valueRequired":true,"valueName":"search_term_string"}}],"inLanguage":"fr-FR"},{"@type":"Organization","@id":"https:\/\/welchllp.com\/fr\/#organization","name":"Welch LLP","url":"https:\/\/welchllp.com\/fr\/","logo":{"@type":"ImageObject","inLanguage":"fr-FR","@id":"https:\/\/welchllp.com\/fr\/#\/schema\/logo\/image\/","url":"https:\/\/welchllp.com\/wp-content\/uploads\/2016\/02\/WelchLLP_logo.png","contentUrl":"https:\/\/welchllp.com\/wp-content\/uploads\/2016\/02\/WelchLLP_logo.png","width":707,"height":187,"caption":"Welch LLP"},"image":{"@id":"https:\/\/welchllp.com\/fr\/#\/schema\/logo\/image\/"},"sameAs":["https:\/\/www.facebook.com\/WelchLLP\/","https:\/\/x.com\/welchllp","https:\/\/www.linkedin.com\/company\/welchllp","https:\/\/www.instagram.com\/welch_llp\/"]}]}},"_links":{"self":[{"href":"https:\/\/welchllp.com\/fr\/wp-json\/wp\/v2\/pages\/11959","targetHints":{"allow":["GET"]}}],"collection":[{"href":"https:\/\/welchllp.com\/fr\/wp-json\/wp\/v2\/pages"}],"about":[{"href":"https:\/\/welchllp.com\/fr\/wp-json\/wp\/v2\/types\/page"}],"author":[{"embeddable":true,"href":"https:\/\/welchllp.com\/fr\/wp-json\/wp\/v2\/users\/5"}],"replies":[{"embeddable":true,"href":"https:\/\/welchllp.com\/fr\/wp-json\/wp\/v2\/comments?post=11959"}],"version-history":[{"count":0,"href":"https:\/\/welchllp.com\/fr\/wp-json\/wp\/v2\/pages\/11959\/revisions"}],"wp:attachment":[{"href":"https:\/\/welchllp.com\/fr\/wp-json\/wp\/v2\/media?parent=11959"}],"curies":[{"name":"wp","href":"https:\/\/api.w.org\/{rel}","templated":true}]}}